{"id":3237,"date":"2018-04-30T13:17:30","date_gmt":"2018-04-30T11:17:30","guid":{"rendered":"https:\/\/new.villa-visnjan.eu\/?page_id=3237"},"modified":"2026-01-10T10:27:48","modified_gmt":"2026-01-10T09:27:48","slug":"porec","status":"publish","type":"page","link":"https:\/\/villa-visnjan.eu\/de\/porec\/","title":{"rendered":"Pore\u010d"},"content":{"rendered":"<p><img loading=\"lazy\" decoding=\"async\" class=\"size-medium wp-image-3257 alignright\" src=\"https:\/\/new.villa-visnjan.eu\/wp-content\/uploads\/2018\/04\/Image00005-300x200.jpg\" alt=\"\" width=\"300\" height=\"200\" \/><img loading=\"lazy\" decoding=\"async\" class=\"size-full wp-image-4096 alignleft\" src=\"http:\/\/new.villa-visnjan.eu\/wp-content\/uploads\/2018\/05\/porec.jpg\" alt=\"Pore\u010d\" width=\"250\" height=\"250\" srcset=\"https:\/\/villa-visnjan.eu\/wp-content\/uploads\/2018\/05\/porec.jpg 250w, https:\/\/villa-visnjan.eu\/wp-content\/uploads\/2018\/05\/porec-150x150.jpg 150w, https:\/\/villa-visnjan.eu\/wp-content\/uploads\/2018\/05\/porec-100x100.jpg 100w\" sizes=\"auto, (max-width: 250px) 100vw, 250px\" \/>Das bekannte touristische Zentrum Istriens an der Westk\u00fcste der Halbinsel. Pore\u010d, bzw. seine Umgebung (die sgn. Pore\u0161tina) erstreckt sich vom Mirnaflu\u00dftal im Norden bis zum Kanal Lim im S\u00fcden. Die Sv.Nikola Insel sch\u00fctzt den Stadthafen und hat einen sch\u00f6nen Strand. Die Bewohner von Pore\u010d sind im Tourismus berufst\u00e4tig und bringen zur Entwicklung der Landwirtschaft (Weinreben, Oliven, Obst) bei. Die Stadt war schon Anfang des 20.Jh. Sitz der Landwirtschaftsschule, die sich heute zum bekannten Institut f\u00fcr Landwirtschaft und Tourismus entwickelt hat. Pore\u010d wurde 313. zum Bischofssitz. W\u00e4hrend der byzantinischen Herrschaft wurde der Bischof von Pore\u010d zum einflu\u00dfreichsten Herrscher im ganzen Patriarchat von Aquileia. Im Jahr 1297 leistete Pore\u010d Venedig den Treueeid und wurde Teil der venezianischen Besitze in Istrien. Bis 1797 war Pore\u010d ein wichtiger venezianischer Hafen f\u00fcr den Export landwirtschaftlicher Produkte. Sp\u00e4ter, w\u00e4hrend Pore\u010d von 1797 bis 1918 unter der Herrschaft \u00d6sterreichs lag, wurde die Stadt zum wichtigen politischen Zentrum, zum Wohnsitz des Istrischen Parlaments (Istarski sabor) und Amts der Landesverwaltung. In Pore\u010d gibt es ungef\u00e4hr zehn erhaltene venezianische Gotikpal\u00e4ste aus dem 15.Jh., einige romanische Bauten, die Verteidigungsburgen aus dem 13-15.Jh., symmetrische r\u00f6mische Stra\u00dfen, aber der wertvollste Schatz, der sogar von UNESCO zum Weltkulturerbe erkl\u00e4rt wurde, ist die Basilika Euphrasiana, mit dem Bischofshof aus dem 4.-6.Jh., im byzantinischen Stil.<\/p>","protected":false},"excerpt":{"rendered":"<p>Das bekannte touristische Zentrum Istriens an der Westk\u00fcste der Halbinsel. Pore\u010d, bzw. seine Umgebung (die sgn. Pore\u0161tina) erstreckt sich vom Mirnaflu\u00dftal im Norden bis zum Kanal Lim&#8230;<\/p>\n","protected":false},"author":1,"featured_media":4182,"parent":0,"menu_order":0,"comment_status":"closed","ping_status":"closed","template":"","meta":{"footnotes":""},"class_list":["post-3237","page","type-page","status-publish","has-post-thumbnail","hentry"],"aioseo_notices":[],"aioseo_head":"\n\t\t<!-- All in One SEO 5.0.0.1 - aioseo.com -->\n\t<meta name=\"description\" content=\"Pore\u010d near Pore\u010d -Das bekannte touristische Zentrum Istriens an der Westk\u00fcste der Halbinsel. Pore\u010d, bzw. seine Umgebung (die sgn. Pore\u0161tina) erstreckt sich vom Mirnaflu\u00dftal im Norden bis zum Kanal Lim im S\u00fcden. Die Sv.Nikola Insel sch\u00fctzt den Stadthafen und hat einen sch\u00f6nen Strand. Die Bewohner von Pore\u010d sind im Tourismus berufst\u00e4tig und bringen zur Entwicklung der Landwirtschaft (Weinreben,\" \/>\n\t<meta name=\"robots\" content=\"max-image-preview:large\" \/>\n\t<meta name=\"google-site-verification\" content=\"tcaBlZxZND5eL2R99SAOiK7s2WZUDF2bl2nQfAFEt8k\" \/>\n\t<link rel=\"canonical\" href=\"https:\/\/villa-visnjan.eu\/de\/porec\/\" \/>\n\t<meta name=\"generator\" content=\"All in One SEO (AIOSEO) 5.0.0.1\" \/>\n\t\t<meta property=\"og:locale\" content=\"de_DE\" \/>\n\t\t<meta property=\"og:site_name\" content=\"Villa Vi\u0161njan, Istra, Hrvatska - Iznajmljivanje soba i apartmana\" \/>\n\t\t<meta property=\"og:type\" content=\"article\" \/>\n\t\t<meta property=\"og:title\" content=\"Pore\u010d near Pore\u010d - Villa Vi\u0161njan, Istra, Hrvatska\" \/>\n\t\t<meta property=\"og:description\" content=\"Pore\u010d near Pore\u010d -Das bekannte touristische Zentrum Istriens an der Westk\u00fcste der Halbinsel. Pore\u010d, bzw. seine Umgebung (die sgn. Pore\u0161tina) erstreckt sich vom Mirnaflu\u00dftal im Norden bis zum Kanal Lim im S\u00fcden. Die Sv.Nikola Insel sch\u00fctzt den Stadthafen und hat einen sch\u00f6nen Strand. Die Bewohner von Pore\u010d sind im Tourismus berufst\u00e4tig und bringen zur Entwicklung der Landwirtschaft (Weinreben,\" \/>\n\t\t<meta property=\"og:url\" content=\"https:\/\/villa-visnjan.eu\/de\/porec\/\" \/>\n\t\t<meta property=\"og:image\" content=\"https:\/\/villa-visnjan.eu\/wp-content\/uploads\/2018\/04\/logo-1.png\" \/>\n\t\t<meta property=\"og:image:secure_url\" content=\"https:\/\/villa-visnjan.eu\/wp-content\/uploads\/2018\/04\/logo-1.png\" \/>\n\t\t<meta property=\"og:image:width\" content=\"201\" \/>\n\t\t<meta property=\"og:image:height\" content=\"90\" \/>\n\t\t<meta property=\"article:published_time\" content=\"2018-04-30T11:17:30+00:00\" \/>\n\t\t<meta property=\"article:modified_time\" content=\"2026-01-10T09:27:48+00:00\" \/>\n\t\t<meta property=\"article:publisher\" content=\"https:\/\/www.facebook.com\/profile.php?id=61571523346716&amp;locale=hr_HR\" \/>\n\t\t<meta name=\"twitter:card\" content=\"summary_large_image\" \/>\n\t\t<meta name=\"twitter:title\" content=\"Pore\u010d near Pore\u010d - Villa Vi\u0161njan, Istra, Hrvatska\" \/>\n\t\t<meta name=\"twitter:description\" content=\"Pore\u010d near Pore\u010d -Das bekannte touristische Zentrum Istriens an der Westk\u00fcste der Halbinsel. Pore\u010d, bzw. seine Umgebung (die sgn. Pore\u0161tina) erstreckt sich vom Mirnaflu\u00dftal im Norden bis zum Kanal Lim im S\u00fcden. Die Sv.Nikola Insel sch\u00fctzt den Stadthafen und hat einen sch\u00f6nen Strand. Die Bewohner von Pore\u010d sind im Tourismus berufst\u00e4tig und bringen zur Entwicklung der Landwirtschaft (Weinreben,\" \/>\n\t\t<meta name=\"twitter:image\" content=\"https:\/\/villa-visnjan.eu\/wp-content\/uploads\/2018\/04\/logo-1.png\" \/>\n\t\t<script type=\"application\/ld+json\" class=\"aioseo-schema\">\n\t\t\t{\"@context\":\"https:\\\/\\\/schema.org\",\"@graph\":[{\"@type\":\"BreadcrumbList\",\"@id\":\"https:\\\/\\\/villa-visnjan.eu\\\/de\\\/porec\\\/#breadcrumblist\",\"itemListElement\":[{\"@type\":\"ListItem\",\"@id\":\"https:\\\/\\\/villa-visnjan.eu\\\/de#listItem\",\"position\":1,\"name\":\"Home\",\"item\":\"https:\\\/\\\/villa-visnjan.eu\\\/de\",\"nextItem\":{\"@type\":\"ListItem\",\"@id\":\"https:\\\/\\\/villa-visnjan.eu\\\/de\\\/porec\\\/#listItem\",\"name\":\"Pore\\u010d\"}},{\"@type\":\"ListItem\",\"@id\":\"https:\\\/\\\/villa-visnjan.eu\\\/de\\\/porec\\\/#listItem\",\"position\":2,\"name\":\"Pore\\u010d\",\"previousItem\":{\"@type\":\"ListItem\",\"@id\":\"https:\\\/\\\/villa-visnjan.eu\\\/de#listItem\",\"name\":\"Home\"}}]},{\"@type\":\"Organization\",\"@id\":\"https:\\\/\\\/villa-visnjan.eu\\\/de\\\/#organization\",\"name\":\"Villa Vi\\u0161njan, Istra, Hrvatska\",\"description\":\"Iznajmljivanje soba i apartmana\",\"url\":\"https:\\\/\\\/villa-visnjan.eu\\\/de\\\/\",\"telephone\":\"+38598255063\",\"logo\":{\"@type\":\"ImageObject\",\"url\":\"https:\\\/\\\/villa-visnjan.eu\\\/wp-content\\\/uploads\\\/2018\\\/04\\\/logo-villa-visnjan.png\",\"@id\":\"https:\\\/\\\/villa-visnjan.eu\\\/de\\\/porec\\\/#organizationLogo\",\"width\":225,\"height\":70},\"image\":{\"@id\":\"https:\\\/\\\/villa-visnjan.eu\\\/de\\\/porec\\\/#organizationLogo\"},\"sameAs\":[\"https:\\\/\\\/www.facebook.com\\\/profile.php?id=61571523346716&locale=hr_HR\",\"https:\\\/\\\/www.instagram.com\\\/villavisnjandoris\\\/\"]},{\"@type\":\"WebPage\",\"@id\":\"https:\\\/\\\/villa-visnjan.eu\\\/de\\\/porec\\\/#webpage\",\"url\":\"https:\\\/\\\/villa-visnjan.eu\\\/de\\\/porec\\\/\",\"name\":\"Pore\\u010d near Pore\\u010d - Villa Vi\\u0161njan, Istra, Hrvatska\",\"description\":\"Pore\\u010d near Pore\\u010d -Das bekannte touristische Zentrum Istriens an der Westk\\u00fcste der Halbinsel. Pore\\u010d, bzw. seine Umgebung (die sgn. Pore\\u0161tina) erstreckt sich vom Mirnaflu\\u00dftal im Norden bis zum Kanal Lim im S\\u00fcden. Die Sv.Nikola Insel sch\\u00fctzt den Stadthafen und hat einen sch\\u00f6nen Strand. Die Bewohner von Pore\\u010d sind im Tourismus berufst\\u00e4tig und bringen zur Entwicklung der Landwirtschaft (Weinreben,\",\"inLanguage\":\"de-DE\",\"isPartOf\":{\"@id\":\"https:\\\/\\\/villa-visnjan.eu\\\/de\\\/#website\"},\"breadcrumb\":{\"@id\":\"https:\\\/\\\/villa-visnjan.eu\\\/de\\\/porec\\\/#breadcrumblist\"},\"image\":{\"@type\":\"ImageObject\",\"url\":\"https:\\\/\\\/villa-visnjan.eu\\\/wp-content\\\/uploads\\\/2018\\\/05\\\/Basilika.jpg\",\"@id\":\"https:\\\/\\\/villa-visnjan.eu\\\/de\\\/porec\\\/#mainImage\",\"width\":1024,\"height\":683},\"primaryImageOfPage\":{\"@id\":\"https:\\\/\\\/villa-visnjan.eu\\\/de\\\/porec\\\/#mainImage\"},\"datePublished\":\"2018-04-30T13:17:30+02:00\",\"dateModified\":\"2026-01-10T10:27:48+01:00\"},{\"@type\":\"WebSite\",\"@id\":\"https:\\\/\\\/villa-visnjan.eu\\\/de\\\/#website\",\"url\":\"https:\\\/\\\/villa-visnjan.eu\\\/de\\\/\",\"name\":\"Villa Vi\\u0161njan, Istra, Hrvatska\",\"description\":\"Iznajmljivanje soba i apartmana\",\"inLanguage\":\"de-DE\",\"publisher\":{\"@id\":\"https:\\\/\\\/villa-visnjan.eu\\\/de\\\/#organization\"}}]}\n\t\t<\/script>\n\t\t<!-- All in One SEO -->\n\n","aioseo_head_json":{"title":"Pore\u010d near Pore\u010d - Villa Vi\u0161njan, Istra, Hrvatska","description":"Pore\u010d near Pore\u010d -Das bekannte touristische Zentrum Istriens an der Westk\u00fcste der Halbinsel. Pore\u010d, bzw. seine Umgebung (die sgn. Pore\u0161tina) erstreckt sich vom Mirnaflu\u00dftal im Norden bis zum Kanal Lim im S\u00fcden. Die Sv.Nikola Insel sch\u00fctzt den Stadthafen und hat einen sch\u00f6nen Strand. Die Bewohner von Pore\u010d sind im Tourismus berufst\u00e4tig und bringen zur Entwicklung der Landwirtschaft (Weinreben,","canonical_url":"https:\/\/villa-visnjan.eu\/de\/porec\/","robots":"max-image-preview:large","keywords":"","webmasterTools":{"google-site-verification":"tcaBlZxZND5eL2R99SAOiK7s2WZUDF2bl2nQfAFEt8k","miscellaneous":""},"schema":{"@context":"https:\/\/schema.org","@graph":[{"@type":"BreadcrumbList","@id":"https:\/\/villa-visnjan.eu\/de\/porec\/#breadcrumblist","itemListElement":[{"@type":"ListItem","@id":"https:\/\/villa-visnjan.eu\/de#listItem","position":1,"name":"Home","item":"https:\/\/villa-visnjan.eu\/de","nextItem":{"@type":"ListItem","@id":"https:\/\/villa-visnjan.eu\/de\/porec\/#listItem","name":"Pore\u010d"}},{"@type":"ListItem","@id":"https:\/\/villa-visnjan.eu\/de\/porec\/#listItem","position":2,"name":"Pore\u010d","previousItem":{"@type":"ListItem","@id":"https:\/\/villa-visnjan.eu\/de#listItem","name":"Home"}}]},{"@type":"Organization","@id":"https:\/\/villa-visnjan.eu\/de\/#organization","name":"Villa Vi\u0161njan, Istra, Hrvatska","description":"Iznajmljivanje soba i apartmana","url":"https:\/\/villa-visnjan.eu\/de\/","telephone":"+38598255063","logo":{"@type":"ImageObject","url":"https:\/\/villa-visnjan.eu\/wp-content\/uploads\/2018\/04\/logo-villa-visnjan.png","@id":"https:\/\/villa-visnjan.eu\/de\/porec\/#organizationLogo","width":225,"height":70},"image":{"@id":"https:\/\/villa-visnjan.eu\/de\/porec\/#organizationLogo"},"sameAs":["https:\/\/www.facebook.com\/profile.php?id=61571523346716&locale=hr_HR","https:\/\/www.instagram.com\/villavisnjandoris\/"]},{"@type":"WebPage","@id":"https:\/\/villa-visnjan.eu\/de\/porec\/#webpage","url":"https:\/\/villa-visnjan.eu\/de\/porec\/","name":"Pore\u010d near Pore\u010d - Villa Vi\u0161njan, Istra, Hrvatska","description":"Pore\u010d near Pore\u010d -Das bekannte touristische Zentrum Istriens an der Westk\u00fcste der Halbinsel. Pore\u010d, bzw. seine Umgebung (die sgn. Pore\u0161tina) erstreckt sich vom Mirnaflu\u00dftal im Norden bis zum Kanal Lim im S\u00fcden. Die Sv.Nikola Insel sch\u00fctzt den Stadthafen und hat einen sch\u00f6nen Strand. Die Bewohner von Pore\u010d sind im Tourismus berufst\u00e4tig und bringen zur Entwicklung der Landwirtschaft (Weinreben,","inLanguage":"de-DE","isPartOf":{"@id":"https:\/\/villa-visnjan.eu\/de\/#website"},"breadcrumb":{"@id":"https:\/\/villa-visnjan.eu\/de\/porec\/#breadcrumblist"},"image":{"@type":"ImageObject","url":"https:\/\/villa-visnjan.eu\/wp-content\/uploads\/2018\/05\/Basilika.jpg","@id":"https:\/\/villa-visnjan.eu\/de\/porec\/#mainImage","width":1024,"height":683},"primaryImageOfPage":{"@id":"https:\/\/villa-visnjan.eu\/de\/porec\/#mainImage"},"datePublished":"2018-04-30T13:17:30+02:00","dateModified":"2026-01-10T10:27:48+01:00"},{"@type":"WebSite","@id":"https:\/\/villa-visnjan.eu\/de\/#website","url":"https:\/\/villa-visnjan.eu\/de\/","name":"Villa Vi\u0161njan, Istra, Hrvatska","description":"Iznajmljivanje soba i apartmana","inLanguage":"de-DE","publisher":{"@id":"https:\/\/villa-visnjan.eu\/de\/#organization"}}]},"og:locale":"de_DE","og:site_name":"Villa Vi\u0161njan, Istra, Hrvatska - Iznajmljivanje soba i apartmana","og:type":"article","og:title":"Pore\u010d near Pore\u010d - Villa Vi\u0161njan, Istra, Hrvatska","og:description":"Pore\u010d near Pore\u010d -Das bekannte touristische Zentrum Istriens an der Westk\u00fcste der Halbinsel. Pore\u010d, bzw. seine Umgebung (die sgn. Pore\u0161tina) erstreckt sich vom Mirnaflu\u00dftal im Norden bis zum Kanal Lim im S\u00fcden. Die Sv.Nikola Insel sch\u00fctzt den Stadthafen und hat einen sch\u00f6nen Strand. Die Bewohner von Pore\u010d sind im Tourismus berufst\u00e4tig und bringen zur Entwicklung der Landwirtschaft (Weinreben,","og:url":"https:\/\/villa-visnjan.eu\/de\/porec\/","og:image":"https:\/\/villa-visnjan.eu\/wp-content\/uploads\/2018\/04\/logo-1.png","og:image:secure_url":"https:\/\/villa-visnjan.eu\/wp-content\/uploads\/2018\/04\/logo-1.png","og:image:width":201,"og:image:height":90,"article:published_time":"2018-04-30T11:17:30+00:00","article:modified_time":"2026-01-10T09:27:48+00:00","article:publisher":"https:\/\/www.facebook.com\/profile.php?id=61571523346716&locale=hr_HR","twitter:card":"summary_large_image","twitter:title":"Pore\u010d near Pore\u010d - Villa Vi\u0161njan, Istra, Hrvatska","twitter:description":"Pore\u010d near Pore\u010d -Das bekannte touristische Zentrum Istriens an der Westk\u00fcste der Halbinsel. Pore\u010d, bzw. seine Umgebung (die sgn. Pore\u0161tina) erstreckt sich vom Mirnaflu\u00dftal im Norden bis zum Kanal Lim im S\u00fcden. Die Sv.Nikola Insel sch\u00fctzt den Stadthafen und hat einen sch\u00f6nen Strand. Die Bewohner von Pore\u010d sind im Tourismus berufst\u00e4tig und bringen zur Entwicklung der Landwirtschaft (Weinreben,","twitter:image":"https:\/\/villa-visnjan.eu\/wp-content\/uploads\/2018\/04\/logo-1.png"},"aioseo_meta_data":{"post_id":"3237","title":"Pore\u010d near Pore\u010d #separator_sa #site_title","description":"Pore\u010d near Pore\u010d -#post_content","keywords":null,"keyphrases":{"focus":{"keyphrase":"Pore\u010d near Pore\u010d","score":87},"additional":[]},"primary_term":null,"canonical_url":null,"og_title":null,"og_description":null,"og_object_type":"default","og_image_type":"default","og_image_url":null,"og_image_width":null,"og_image_height":null,"og_image_custom_url":null,"og_image_custom_fields":null,"og_video":"","og_custom_url":null,"og_article_section":null,"og_article_tags":null,"twitter_use_og":false,"twitter_card":"default","twitter_image_type":"default","twitter_image_url":null,"twitter_image_custom_url":null,"twitter_image_custom_fields":null,"twitter_title":null,"twitter_description":null,"schema":{"blockGraphs":[],"customGraphs":[],"default":{"data":{"Article":[],"Course":[],"Dataset":[],"FAQPage":[],"Movie":[],"Person":[],"Product":[],"ProductReview":[],"Car":[],"Recipe":[],"Service":[],"SoftwareApplication":[],"WebPage":[]},"graphName":"WebPage","isEnabled":true},"graphs":[]},"schema_type":"default","schema_type_options":null,"pillar_content":false,"robots_default":true,"robots_noindex":false,"robots_noarchive":false,"robots_nosnippet":false,"robots_nofollow":false,"robots_noimageindex":false,"robots_noodp":false,"robots_notranslate":false,"robots_max_snippet":"-1","robots_max_videopreview":"-1","robots_max_imagepreview":"large","priority":null,"frequency":"default","local_seo":null,"breadcrumb_settings":null,"limit_modified_date":false,"ai":{"faqs":[],"keyPoints":[],"titles":[],"descriptions":[],"socialPosts":{"email":[],"linkedin":[],"twitter":[],"facebook":[],"instagram":[]}},"created":"2025-09-13 15:09:57","updated":"2026-08-25 18:46:37","focus_keyword":"Pore\u010d near Pore\u010d","additional_keywords":null,"truseo_locale":null,"seo_analyzer_scan_date":null},"aioseo_breadcrumb":"<div class=\"aioseo-breadcrumbs\"><span class=\"aioseo-breadcrumb\">\n\t\t\t<a href=\"https:\/\/villa-visnjan.eu\/de\" title=\"Home\">Home<\/a>\n\t\t<\/span><span class=\"aioseo-breadcrumb-separator\">&raquo;<\/span><span class=\"aioseo-breadcrumb\">\n\t\t\tPore\u010d\n\t\t<\/span><\/div>","aioseo_breadcrumb_json":[{"label":"Home","link":"https:\/\/villa-visnjan.eu\/de"},{"label":"Pore\u010d","link":"https:\/\/villa-visnjan.eu\/de\/porec\/"}],"_links":{"self":[{"href":"https:\/\/villa-visnjan.eu\/de\/wp-json\/wp\/v2\/pages\/3237","targetHints":{"allow":["GET"]}}],"collection":[{"href":"https:\/\/villa-visnjan.eu\/de\/wp-json\/wp\/v2\/pages"}],"about":[{"href":"https:\/\/villa-visnjan.eu\/de\/wp-json\/wp\/v2\/types\/page"}],"author":[{"embeddable":true,"href":"https:\/\/villa-visnjan.eu\/de\/wp-json\/wp\/v2\/users\/1"}],"replies":[{"embeddable":true,"href":"https:\/\/villa-visnjan.eu\/de\/wp-json\/wp\/v2\/comments?post=3237"}],"version-history":[{"count":5,"href":"https:\/\/villa-visnjan.eu\/de\/wp-json\/wp\/v2\/pages\/3237\/revisions"}],"predecessor-version":[{"id":4410,"href":"https:\/\/villa-visnjan.eu\/de\/wp-json\/wp\/v2\/pages\/3237\/revisions\/4410"}],"wp:featuredmedia":[{"embeddable":true,"href":"https:\/\/villa-visnjan.eu\/de\/wp-json\/wp\/v2\/media\/4182"}],"wp:attachment":[{"href":"https:\/\/villa-visnjan.eu\/de\/wp-json\/wp\/v2\/media?parent=3237"}],"curies":[{"name":"wp","href":"https:\/\/api.w.org\/{rel}","templated":true}]}}