{"id":3237,"date":"2018-04-30T13:17:30","date_gmt":"2018-04-30T11:17:30","guid":{"rendered":"https:\/\/new.villa-visnjan.eu\/?page_id=3237"},"modified":"2026-01-10T10:27:48","modified_gmt":"2026-01-10T09:27:48","slug":"porec","status":"publish","type":"page","link":"https:\/\/villa-visnjan.eu\/it\/porec\/","title":{"rendered":"Pore\u010d &#8211; Parenzo"},"content":{"rendered":"<p><img loading=\"lazy\" decoding=\"async\" class=\"size-medium wp-image-3257 alignright\" src=\"https:\/\/new.villa-visnjan.eu\/wp-content\/uploads\/2018\/04\/Image00005-300x200.jpg\" alt=\"\" width=\"300\" height=\"200\" \/><img loading=\"lazy\" decoding=\"async\" class=\"size-full wp-image-4096 alignleft\" src=\"http:\/\/new.villa-visnjan.eu\/wp-content\/uploads\/2018\/05\/porec.jpg\" alt=\"Pore\u010d\" width=\"250\" height=\"250\" srcset=\"https:\/\/villa-visnjan.eu\/wp-content\/uploads\/2018\/05\/porec.jpg 250w, https:\/\/villa-visnjan.eu\/wp-content\/uploads\/2018\/05\/porec-150x150.jpg 150w, https:\/\/villa-visnjan.eu\/wp-content\/uploads\/2018\/05\/porec-100x100.jpg 100w\" sizes=\"auto, (max-width: 250px) 100vw, 250px\" \/>I manoscritti degli antichi storici e geografi Greci risalenti al 6\u00b0 e 4\u00b0 sec. a.C. testimoniano di un piccolo villaggio di pescatori, e i reperti archeologici di dimore umane risalenti a quell&#8217;epoca. I lineamenti urbani di Parenzo si riscontrano in una regolare distribuzione geometrica, contraddistinta dalle vie principali Cardo Maximus e Decumanus, e dal foro romano Marafor (derivante dal latino Maior Forum), la piazza centrale. Lo status di citt\u00e0, altres\u00ec di Municipium, Parenzo lo ottenne nella prima met\u00e0 del 1\u00b0 sec. a.C. quando acquis\u00ec il nome di Colonia Iulia Parentium.<br \/>\nMauro, il primo vescovo di Parenzo, fu vittima di una delle tante persecuzioni rivolte contro i Cristiani, avvenuta nel 3\u00b0 sec. d.C., divenendo poi il patrono della citt\u00e0. Il vescovo Eufrasio fece costruire una basilica \u2013 un cimelio dell&#8217;architettura famoso in tutto il mondo, divenuto nel 1998 patrimonio mondiale tutelato dall&#8217;UNESCO.<br \/>\nIl dominio pi\u00f9 lungo sulla citt\u00e0, durato oltre cinque secoli, lo esercit\u00f2 la Serenissima. Con la dissoluzione della Repubblica di Venezia, Parenzo ricadde sotto un breve dominio dell&#8217;Impero d&#8217;Austria, seguito gi\u00e0 nel 1805 dall&#8217;avvento dell&#8217;Impero francese di Napoleone. Dal 1815 al 1918 la citt\u00e0 ritorna nuovamente agli austriaci. \u00c8 un motivo di vanto per la citt\u00e0 il fatto che sotto il dominio della monarchia Austro-Ungarica nel 1861 divenne capitale dell&#8217;Istria e sede della Dieta istriana quale massima autorit\u00e0 regionale. Nel 1943 Parenzo, con il resto dell&#8217;Istria, fu annessa alla Croazia, all&#8217;epoca parte della Jugoslavia, divenuta nel 1990 stato indipendente.<\/p>","protected":false},"excerpt":{"rendered":"<p>I manoscritti degli antichi storici e geografi Greci risalenti al 6\u00b0 e 4\u00b0 sec. a.C. testimoniano di un piccolo villaggio di pescatori, e i reperti archeologici di&#8230;<\/p>\n","protected":false},"author":1,"featured_media":4182,"parent":0,"menu_order":0,"comment_status":"closed","ping_status":"closed","template":"","meta":{"footnotes":""},"class_list":["post-3237","page","type-page","status-publish","has-post-thumbnail","hentry"],"aioseo_notices":[],"aioseo_head":"\n\t\t<!-- All in One SEO 5.0.0.1 - aioseo.com -->\n\t<meta name=\"description\" content=\"Pore\u010d near Pore\u010d -I manoscritti degli antichi storici e geografi Greci risalenti al 6\u00b0 e 4\u00b0 sec. a.C. testimoniano di un piccolo villaggio di pescatori, e i reperti archeologici di dimore umane risalenti a quell&#039;epoca. I lineamenti urbani di Parenzo si riscontrano in una regolare distribuzione geometrica, contraddistinta dalle vie principali Cardo Maximus e Decumanus, e dal foro\" \/>\n\t<meta name=\"robots\" content=\"max-image-preview:large\" \/>\n\t<meta name=\"google-site-verification\" content=\"tcaBlZxZND5eL2R99SAOiK7s2WZUDF2bl2nQfAFEt8k\" \/>\n\t<link rel=\"canonical\" href=\"https:\/\/villa-visnjan.eu\/it\/porec\/\" \/>\n\t<meta name=\"generator\" content=\"All in One SEO (AIOSEO) 5.0.0.1\" \/>\n\t\t<meta property=\"og:locale\" content=\"it_IT\" \/>\n\t\t<meta property=\"og:site_name\" content=\"Villa Vi\u0161njan, Istra, Hrvatska - Iznajmljivanje soba i apartmana\" \/>\n\t\t<meta property=\"og:type\" content=\"article\" \/>\n\t\t<meta property=\"og:title\" content=\"Pore\u010d near Pore\u010d - Villa Vi\u0161njan, Istra, Hrvatska\" \/>\n\t\t<meta property=\"og:description\" content=\"Pore\u010d near Pore\u010d -I manoscritti degli antichi storici e geografi Greci risalenti al 6\u00b0 e 4\u00b0 sec. a.C. testimoniano di un piccolo villaggio di pescatori, e i reperti archeologici di dimore umane risalenti a quell&#039;epoca. I lineamenti urbani di Parenzo si riscontrano in una regolare distribuzione geometrica, contraddistinta dalle vie principali Cardo Maximus e Decumanus, e dal foro\" \/>\n\t\t<meta property=\"og:url\" content=\"https:\/\/villa-visnjan.eu\/it\/porec\/\" \/>\n\t\t<meta property=\"og:image\" content=\"https:\/\/villa-visnjan.eu\/wp-content\/uploads\/2018\/04\/logo-1.png\" \/>\n\t\t<meta property=\"og:image:secure_url\" content=\"https:\/\/villa-visnjan.eu\/wp-content\/uploads\/2018\/04\/logo-1.png\" \/>\n\t\t<meta property=\"og:image:width\" content=\"201\" \/>\n\t\t<meta property=\"og:image:height\" content=\"90\" \/>\n\t\t<meta property=\"article:published_time\" content=\"2018-04-30T11:17:30+00:00\" \/>\n\t\t<meta property=\"article:modified_time\" content=\"2026-01-10T09:27:48+00:00\" \/>\n\t\t<meta property=\"article:publisher\" content=\"https:\/\/www.facebook.com\/profile.php?id=61571523346716&amp;locale=hr_HR\" \/>\n\t\t<meta name=\"twitter:card\" content=\"summary_large_image\" \/>\n\t\t<meta name=\"twitter:title\" content=\"Pore\u010d near Pore\u010d - Villa Vi\u0161njan, Istra, Hrvatska\" \/>\n\t\t<meta name=\"twitter:description\" content=\"Pore\u010d near Pore\u010d -I manoscritti degli antichi storici e geografi Greci risalenti al 6\u00b0 e 4\u00b0 sec. a.C. testimoniano di un piccolo villaggio di pescatori, e i reperti archeologici di dimore umane risalenti a quell&#039;epoca. I lineamenti urbani di Parenzo si riscontrano in una regolare distribuzione geometrica, contraddistinta dalle vie principali Cardo Maximus e Decumanus, e dal foro\" \/>\n\t\t<meta name=\"twitter:image\" content=\"https:\/\/villa-visnjan.eu\/wp-content\/uploads\/2018\/04\/logo-1.png\" \/>\n\t\t<script type=\"application\/ld+json\" class=\"aioseo-schema\">\n\t\t\t{\"@context\":\"https:\\\/\\\/schema.org\",\"@graph\":[{\"@type\":\"BreadcrumbList\",\"@id\":\"https:\\\/\\\/villa-visnjan.eu\\\/it\\\/porec\\\/#breadcrumblist\",\"itemListElement\":[{\"@type\":\"ListItem\",\"@id\":\"https:\\\/\\\/villa-visnjan.eu\\\/it#listItem\",\"position\":1,\"name\":\"Home\",\"item\":\"https:\\\/\\\/villa-visnjan.eu\\\/it\",\"nextItem\":{\"@type\":\"ListItem\",\"@id\":\"https:\\\/\\\/villa-visnjan.eu\\\/it\\\/porec\\\/#listItem\",\"name\":\"Pore\\u010d &#8211; Parenzo\"}},{\"@type\":\"ListItem\",\"@id\":\"https:\\\/\\\/villa-visnjan.eu\\\/it\\\/porec\\\/#listItem\",\"position\":2,\"name\":\"Pore\\u010d &#8211; Parenzo\",\"previousItem\":{\"@type\":\"ListItem\",\"@id\":\"https:\\\/\\\/villa-visnjan.eu\\\/it#listItem\",\"name\":\"Home\"}}]},{\"@type\":\"Organization\",\"@id\":\"https:\\\/\\\/villa-visnjan.eu\\\/it\\\/#organization\",\"name\":\"Villa Vi\\u0161njan, Istra, Hrvatska\",\"description\":\"Iznajmljivanje soba i apartmana\",\"url\":\"https:\\\/\\\/villa-visnjan.eu\\\/it\\\/\",\"telephone\":\"+38598255063\",\"logo\":{\"@type\":\"ImageObject\",\"url\":\"https:\\\/\\\/villa-visnjan.eu\\\/wp-content\\\/uploads\\\/2018\\\/04\\\/logo-villa-visnjan.png\",\"@id\":\"https:\\\/\\\/villa-visnjan.eu\\\/it\\\/porec\\\/#organizationLogo\",\"width\":225,\"height\":70},\"image\":{\"@id\":\"https:\\\/\\\/villa-visnjan.eu\\\/it\\\/porec\\\/#organizationLogo\"},\"sameAs\":[\"https:\\\/\\\/www.facebook.com\\\/profile.php?id=61571523346716&locale=hr_HR\",\"https:\\\/\\\/www.instagram.com\\\/villavisnjandoris\\\/\"]},{\"@type\":\"WebPage\",\"@id\":\"https:\\\/\\\/villa-visnjan.eu\\\/it\\\/porec\\\/#webpage\",\"url\":\"https:\\\/\\\/villa-visnjan.eu\\\/it\\\/porec\\\/\",\"name\":\"Pore\\u010d near Pore\\u010d - Villa Vi\\u0161njan, Istra, Hrvatska\",\"description\":\"Pore\\u010d near Pore\\u010d -I manoscritti degli antichi storici e geografi Greci risalenti al 6\\u00b0 e 4\\u00b0 sec. a.C. testimoniano di un piccolo villaggio di pescatori, e i reperti archeologici di dimore umane risalenti a quell'epoca. I lineamenti urbani di Parenzo si riscontrano in una regolare distribuzione geometrica, contraddistinta dalle vie principali Cardo Maximus e Decumanus, e dal foro\",\"inLanguage\":\"it-IT\",\"isPartOf\":{\"@id\":\"https:\\\/\\\/villa-visnjan.eu\\\/it\\\/#website\"},\"breadcrumb\":{\"@id\":\"https:\\\/\\\/villa-visnjan.eu\\\/it\\\/porec\\\/#breadcrumblist\"},\"image\":{\"@type\":\"ImageObject\",\"url\":\"https:\\\/\\\/villa-visnjan.eu\\\/wp-content\\\/uploads\\\/2018\\\/05\\\/Basilika.jpg\",\"@id\":\"https:\\\/\\\/villa-visnjan.eu\\\/it\\\/porec\\\/#mainImage\",\"width\":1024,\"height\":683},\"primaryImageOfPage\":{\"@id\":\"https:\\\/\\\/villa-visnjan.eu\\\/it\\\/porec\\\/#mainImage\"},\"datePublished\":\"2018-04-30T13:17:30+02:00\",\"dateModified\":\"2026-01-10T10:27:48+01:00\"},{\"@type\":\"WebSite\",\"@id\":\"https:\\\/\\\/villa-visnjan.eu\\\/it\\\/#website\",\"url\":\"https:\\\/\\\/villa-visnjan.eu\\\/it\\\/\",\"name\":\"Villa Vi\\u0161njan, Istra, Hrvatska\",\"description\":\"Iznajmljivanje soba i apartmana\",\"inLanguage\":\"it-IT\",\"publisher\":{\"@id\":\"https:\\\/\\\/villa-visnjan.eu\\\/it\\\/#organization\"}}]}\n\t\t<\/script>\n\t\t<!-- All in One SEO -->\n\n","aioseo_head_json":{"title":"Pore\u010d near Pore\u010d - Villa Vi\u0161njan, Istra, Hrvatska","description":"Pore\u010d near Pore\u010d -I manoscritti degli antichi storici e geografi Greci risalenti al 6\u00b0 e 4\u00b0 sec. a.C. testimoniano di un piccolo villaggio di pescatori, e i reperti archeologici di dimore umane risalenti a quell'epoca. I lineamenti urbani di Parenzo si riscontrano in una regolare distribuzione geometrica, contraddistinta dalle vie principali Cardo Maximus e Decumanus, e dal foro","canonical_url":"https:\/\/villa-visnjan.eu\/it\/porec\/","robots":"max-image-preview:large","keywords":"","webmasterTools":{"google-site-verification":"tcaBlZxZND5eL2R99SAOiK7s2WZUDF2bl2nQfAFEt8k","miscellaneous":""},"schema":{"@context":"https:\/\/schema.org","@graph":[{"@type":"BreadcrumbList","@id":"https:\/\/villa-visnjan.eu\/it\/porec\/#breadcrumblist","itemListElement":[{"@type":"ListItem","@id":"https:\/\/villa-visnjan.eu\/it#listItem","position":1,"name":"Home","item":"https:\/\/villa-visnjan.eu\/it","nextItem":{"@type":"ListItem","@id":"https:\/\/villa-visnjan.eu\/it\/porec\/#listItem","name":"Pore\u010d &#8211; Parenzo"}},{"@type":"ListItem","@id":"https:\/\/villa-visnjan.eu\/it\/porec\/#listItem","position":2,"name":"Pore\u010d &#8211; Parenzo","previousItem":{"@type":"ListItem","@id":"https:\/\/villa-visnjan.eu\/it#listItem","name":"Home"}}]},{"@type":"Organization","@id":"https:\/\/villa-visnjan.eu\/it\/#organization","name":"Villa Vi\u0161njan, Istra, Hrvatska","description":"Iznajmljivanje soba i apartmana","url":"https:\/\/villa-visnjan.eu\/it\/","telephone":"+38598255063","logo":{"@type":"ImageObject","url":"https:\/\/villa-visnjan.eu\/wp-content\/uploads\/2018\/04\/logo-villa-visnjan.png","@id":"https:\/\/villa-visnjan.eu\/it\/porec\/#organizationLogo","width":225,"height":70},"image":{"@id":"https:\/\/villa-visnjan.eu\/it\/porec\/#organizationLogo"},"sameAs":["https:\/\/www.facebook.com\/profile.php?id=61571523346716&locale=hr_HR","https:\/\/www.instagram.com\/villavisnjandoris\/"]},{"@type":"WebPage","@id":"https:\/\/villa-visnjan.eu\/it\/porec\/#webpage","url":"https:\/\/villa-visnjan.eu\/it\/porec\/","name":"Pore\u010d near Pore\u010d - Villa Vi\u0161njan, Istra, Hrvatska","description":"Pore\u010d near Pore\u010d -I manoscritti degli antichi storici e geografi Greci risalenti al 6\u00b0 e 4\u00b0 sec. a.C. testimoniano di un piccolo villaggio di pescatori, e i reperti archeologici di dimore umane risalenti a quell'epoca. I lineamenti urbani di Parenzo si riscontrano in una regolare distribuzione geometrica, contraddistinta dalle vie principali Cardo Maximus e Decumanus, e dal foro","inLanguage":"it-IT","isPartOf":{"@id":"https:\/\/villa-visnjan.eu\/it\/#website"},"breadcrumb":{"@id":"https:\/\/villa-visnjan.eu\/it\/porec\/#breadcrumblist"},"image":{"@type":"ImageObject","url":"https:\/\/villa-visnjan.eu\/wp-content\/uploads\/2018\/05\/Basilika.jpg","@id":"https:\/\/villa-visnjan.eu\/it\/porec\/#mainImage","width":1024,"height":683},"primaryImageOfPage":{"@id":"https:\/\/villa-visnjan.eu\/it\/porec\/#mainImage"},"datePublished":"2018-04-30T13:17:30+02:00","dateModified":"2026-01-10T10:27:48+01:00"},{"@type":"WebSite","@id":"https:\/\/villa-visnjan.eu\/it\/#website","url":"https:\/\/villa-visnjan.eu\/it\/","name":"Villa Vi\u0161njan, Istra, Hrvatska","description":"Iznajmljivanje soba i apartmana","inLanguage":"it-IT","publisher":{"@id":"https:\/\/villa-visnjan.eu\/it\/#organization"}}]},"og:locale":"it_IT","og:site_name":"Villa Vi\u0161njan, Istra, Hrvatska - Iznajmljivanje soba i apartmana","og:type":"article","og:title":"Pore\u010d near Pore\u010d - Villa Vi\u0161njan, Istra, Hrvatska","og:description":"Pore\u010d near Pore\u010d -I manoscritti degli antichi storici e geografi Greci risalenti al 6\u00b0 e 4\u00b0 sec. a.C. testimoniano di un piccolo villaggio di pescatori, e i reperti archeologici di dimore umane risalenti a quell'epoca. I lineamenti urbani di Parenzo si riscontrano in una regolare distribuzione geometrica, contraddistinta dalle vie principali Cardo Maximus e Decumanus, e dal foro","og:url":"https:\/\/villa-visnjan.eu\/it\/porec\/","og:image":"https:\/\/villa-visnjan.eu\/wp-content\/uploads\/2018\/04\/logo-1.png","og:image:secure_url":"https:\/\/villa-visnjan.eu\/wp-content\/uploads\/2018\/04\/logo-1.png","og:image:width":201,"og:image:height":90,"article:published_time":"2018-04-30T11:17:30+00:00","article:modified_time":"2026-01-10T09:27:48+00:00","article:publisher":"https:\/\/www.facebook.com\/profile.php?id=61571523346716&locale=hr_HR","twitter:card":"summary_large_image","twitter:title":"Pore\u010d near Pore\u010d - Villa Vi\u0161njan, Istra, Hrvatska","twitter:description":"Pore\u010d near Pore\u010d -I manoscritti degli antichi storici e geografi Greci risalenti al 6\u00b0 e 4\u00b0 sec. a.C. testimoniano di un piccolo villaggio di pescatori, e i reperti archeologici di dimore umane risalenti a quell'epoca. I lineamenti urbani di Parenzo si riscontrano in una regolare distribuzione geometrica, contraddistinta dalle vie principali Cardo Maximus e Decumanus, e dal foro","twitter:image":"https:\/\/villa-visnjan.eu\/wp-content\/uploads\/2018\/04\/logo-1.png"},"aioseo_meta_data":{"post_id":"3237","title":"Pore\u010d near Pore\u010d #separator_sa #site_title","description":"Pore\u010d near Pore\u010d -#post_content","keywords":null,"keyphrases":{"focus":{"keyphrase":"Pore\u010d near Pore\u010d","score":87},"additional":[]},"primary_term":null,"canonical_url":null,"og_title":null,"og_description":null,"og_object_type":"default","og_image_type":"default","og_image_url":null,"og_image_width":null,"og_image_height":null,"og_image_custom_url":null,"og_image_custom_fields":null,"og_video":"","og_custom_url":null,"og_article_section":null,"og_article_tags":null,"twitter_use_og":false,"twitter_card":"default","twitter_image_type":"default","twitter_image_url":null,"twitter_image_custom_url":null,"twitter_image_custom_fields":null,"twitter_title":null,"twitter_description":null,"schema":{"blockGraphs":[],"customGraphs":[],"default":{"data":{"Article":[],"Course":[],"Dataset":[],"FAQPage":[],"Movie":[],"Person":[],"Product":[],"ProductReview":[],"Car":[],"Recipe":[],"Service":[],"SoftwareApplication":[],"WebPage":[]},"graphName":"WebPage","isEnabled":true},"graphs":[]},"schema_type":"default","schema_type_options":null,"pillar_content":false,"robots_default":true,"robots_noindex":false,"robots_noarchive":false,"robots_nosnippet":false,"robots_nofollow":false,"robots_noimageindex":false,"robots_noodp":false,"robots_notranslate":false,"robots_max_snippet":"-1","robots_max_videopreview":"-1","robots_max_imagepreview":"large","priority":null,"frequency":"default","local_seo":null,"breadcrumb_settings":null,"limit_modified_date":false,"ai":{"faqs":[],"keyPoints":[],"titles":[],"descriptions":[],"socialPosts":{"email":[],"linkedin":[],"twitter":[],"facebook":[],"instagram":[]}},"created":"2025-09-13 15:09:57","updated":"2026-08-25 18:46:37","focus_keyword":"Pore\u010d near Pore\u010d","additional_keywords":null,"truseo_locale":null,"seo_analyzer_scan_date":null},"aioseo_breadcrumb":"<div class=\"aioseo-breadcrumbs\"><span class=\"aioseo-breadcrumb\">\n\t\t\t<a href=\"https:\/\/villa-visnjan.eu\/it\" title=\"Home\">Home<\/a>\n\t\t<\/span><span class=\"aioseo-breadcrumb-separator\">&raquo;<\/span><span class=\"aioseo-breadcrumb\">\n\t\t\tPore\u010d \u2013 Parenzo\n\t\t<\/span><\/div>","aioseo_breadcrumb_json":[{"label":"Home","link":"https:\/\/villa-visnjan.eu\/it"},{"label":"Pore\u010d &#8211; Parenzo","link":"https:\/\/villa-visnjan.eu\/it\/porec\/"}],"_links":{"self":[{"href":"https:\/\/villa-visnjan.eu\/it\/wp-json\/wp\/v2\/pages\/3237","targetHints":{"allow":["GET"]}}],"collection":[{"href":"https:\/\/villa-visnjan.eu\/it\/wp-json\/wp\/v2\/pages"}],"about":[{"href":"https:\/\/villa-visnjan.eu\/it\/wp-json\/wp\/v2\/types\/page"}],"author":[{"embeddable":true,"href":"https:\/\/villa-visnjan.eu\/it\/wp-json\/wp\/v2\/users\/1"}],"replies":[{"embeddable":true,"href":"https:\/\/villa-visnjan.eu\/it\/wp-json\/wp\/v2\/comments?post=3237"}],"version-history":[{"count":5,"href":"https:\/\/villa-visnjan.eu\/it\/wp-json\/wp\/v2\/pages\/3237\/revisions"}],"predecessor-version":[{"id":4410,"href":"https:\/\/villa-visnjan.eu\/it\/wp-json\/wp\/v2\/pages\/3237\/revisions\/4410"}],"wp:featuredmedia":[{"embeddable":true,"href":"https:\/\/villa-visnjan.eu\/it\/wp-json\/wp\/v2\/media\/4182"}],"wp:attachment":[{"href":"https:\/\/villa-visnjan.eu\/it\/wp-json\/wp\/v2\/media?parent=3237"}],"curies":[{"name":"wp","href":"https:\/\/api.w.org\/{rel}","templated":true}]}}